{"id":1114675,"date":"2023-07-25T11:37:03","date_gmt":"2023-07-25T09:37:03","guid":{"rendered":"https:\/\/www.swisslens.ch\/nightflex-relax\/"},"modified":"2026-01-28T23:19:28","modified_gmt":"2026-01-28T22:19:28","slug":"nightflex-relax","status":"publish","type":"page","link":"https:\/\/www.swisslens.ch\/cz\/nightflex-relax\/","title":{"rendered":"NightFlex Relax"},"content":{"rendered":"<p>[et_pb_section fb_built=&#8220;1&#8243; specialty=&#8220;on&#8220; padding_bottom_2=&#8220;40px&#8220; admin_label=&#8220;Services&#8220; _builder_version=&#8220;4.25.1&#8243; background_color=&#8220;RGBA(255,255,255,0)&#8220; custom_padding=&#8220;54px|0px|0px|0|false|false&#8220; bottom_divider_height=&#8220;50px&#8220; bottom_divider_arrangement=&#8220;above_content&#8220; global_colors_info=&#8220;{}&#8220;][et_pb_column type=&#8220;1_2&#8243; _builder_version=&#8220;4.16&#8243; custom_padding=&#8220;|||&#8220; global_colors_info=&#8220;{}&#8220; custom_padding__hover=&#8220;|||&#8220;][et_pb_image src=&#8220;http:\/\/www.swisslens.ch\/wp-content\/uploads\/NightFlex-Relax.png&#8220; title_text=&#8220;NightFlex Relax&#8220; show_bottom_space=&#8220;off&#8220; align=&#8220;center&#8220; align_tablet=&#8220;center&#8220; align_phone=&#8220;&#8220; align_last_edited=&#8220;on|desktop&#8220; disabled_on=&#8220;off|off|off&#8220; _builder_version=&#8220;4.27.2&#8243; parallax=&#8220;on&#8220; background_blend=&#8220;hard-light&#8220; width=&#8220;100%&#8220; max_width=&#8220;100%&#8220; module_alignment=&#8220;left&#8220; height=&#8220;370px&#8220; max_height=&#8220;370px&#8220; custom_margin=&#8220;-50px||||false|false&#8220; custom_margin_tablet=&#8220;-50px||||false|false&#8220; custom_margin_phone=&#8220;-20px||||false|false&#8220; custom_margin_last_edited=&#8220;on|phone&#8220; animation_style=&#8220;slide&#8220; animation_direction=&#8220;right&#8220; animation_intensity_slide=&#8220;2%&#8220; global_colors_info=&#8220;{}&#8220;][\/et_pb_image][\/et_pb_column][et_pb_column type=&#8220;1_2&#8243; specialty_columns=&#8220;2&#8243; _builder_version=&#8220;4.16&#8243; custom_padding=&#8220;|||&#8220; global_colors_info=&#8220;{}&#8220; custom_padding__hover=&#8220;|||&#8220;][et_pb_row_inner _builder_version=&#8220;4.27.2&#8243; custom_margin=&#8220;0px||||false|false&#8220; custom_margin_tablet=&#8220;0px||||false|false&#8220; custom_margin_phone=&#8220;0px||||false|false&#8220; custom_margin_last_edited=&#8220;on|desktop&#8220; custom_padding=&#8220;24px|0px|15px|0px|false|false&#8220; global_colors_info=&#8220;{}&#8220;][et_pb_column_inner saved_specialty_column_type=&#8220;1_2&#8243; _builder_version=&#8220;4.16&#8243; custom_padding=&#8220;|||&#8220; global_colors_info=&#8220;{}&#8220; custom_padding__hover=&#8220;|||&#8220;][et_pb_text _builder_version=&#8220;4.25.1&#8243; text_font=&#8220;Roboto|300|||||||&#8220; text_font_size=&#8220;16px&#8220; text_line_height=&#8220;1.8em&#8220; link_font=&#8220;Montserrat|700|||||||&#8220; link_text_color=&#8220;#fa546d&#8220; link_font_size=&#8220;22px&#8220; link_line_height=&#8220;1.5em&#8220; header_font=&#8220;SwissLens||||||||&#8220; header_2_font=&#8220;SwissLens|700|||||||&#8220; header_2_font_size=&#8220;40px&#8220; header_2_line_height=&#8220;1.4em&#8220; header_6_font=&#8220;Montserrat|600||on|||||&#8220; header_6_text_color=&#8220;#ffb342&#8243; header_6_font_size=&#8220;16px&#8220; header_6_letter_spacing=&#8220;2px&#8220; header_6_line_height=&#8220;1.5em&#8220; max_width_last_edited=&#8220;off|desktop&#8220; module_alignment=&#8220;left&#8220; custom_margin=&#8220;|||&#8220; custom_padding=&#8220;|||&#8220; header_2_font_size_tablet=&#8220;&#8220; header_2_font_size_phone=&#8220;24px&#8220; header_2_font_size_last_edited=&#8220;on|phone&#8220; global_colors_info=&#8220;{}&#8220;]<\/p>\n<h2>NightFlex Relax<\/h2>\n<p style=\"text-align: justify;\"><span>Na\u0161e \u010do\u010dky NightFlex Relax jsou speci\u00e1ln\u011b navr\u017eeny tak, aby podporovaly l\u00e9\u010dbu kr\u00e1tkozrakosti, zejm\u00e9na u osob s n\u00edzkou kr\u00e1tkozrakost\u00ed. P\u0159izp\u016fsobte pr\u016fm\u011br optick\u00e9 z\u00f3ny ka\u017ed\u00e9mu jednotlivci tak, aby byla zp\u011btn\u00e1 l\u00e9\u010debn\u00e1 z\u00f3na men\u0161\u00ed ne\u017e pr\u016fm\u011br zornice d\u00edt\u011bte. Tento p\u0159\u00edstup zvy\u0161uje \u00fa\u010dinnost l\u00e9\u010dby kr\u00e1tkozrakosti.<\/span><\/p>\n<p>[\/et_pb_text][\/et_pb_column_inner][\/et_pb_row_inner][et_pb_row_inner column_structure=&#8220;1_2,1_2&#8243; use_custom_gutter=&#8220;on&#8220; gutter_width=&#8220;2&#8243; _builder_version=&#8220;4.25.1&#8243; custom_margin=&#8220;0px||-2px||false|false&#8220; global_colors_info=&#8220;{}&#8220;][et_pb_column_inner type=&#8220;1_2&#8243; saved_specialty_column_type=&#8220;1_2&#8243; _builder_version=&#8220;4.16&#8243; custom_padding=&#8220;|||&#8220; global_colors_info=&#8220;{}&#8220; custom_padding__hover=&#8220;|||&#8220;][et_pb_text module_class=&#8220;doc-button&#8220; _builder_version=&#8220;4.27.4&#8243; text_font=&#8220;Roboto||||||||&#8220; link_font=&#8220;||||||||&#8220; link_text_color=&#8220;#ffffff&#8220; header_4_font=&#8220;Roboto|900|||||||&#8220; header_4_font_size=&#8220;16px&#8220; background_color=&#8220;#1392B1&#8243; background_layout=&#8220;dark&#8220; custom_padding=&#8220;10px|20px|10px|20px|true|true&#8220; animation_style=&#8220;zoom&#8220; animation_delay=&#8220;300ms&#8220; animation_intensity_zoom=&#8220;20%&#8220; link_option_url=&#8220;http:\/\/www.swisslens.ch\/wp-content\/uploads\/RelaxSystem_flyer_cz.pdf&#8220; link_option_url_new_window=&#8220;on&#8220; hover_enabled=&#8220;0&#8243; border_radii=&#8220;on|6px|6px|6px|6px&#8220; locked=&#8220;off&#8220; global_colors_info=&#8220;{}&#8220; sticky_enabled=&#8220;0&#8243;]<\/p>\n<div style=\"display: flex;\">\n<div style=\"margin-right: 10px;\"><img loading=\"lazy\" decoding=\"async\" src=\"\/wp-content\/uploads\/icon-tecnical-file-pdf.svg\" width=\"48\" height=\"48\" alt=\"\" class=\"wp-image-1118673 alignnone size-full\" \/><\/div>\n<div>\n<h4>Fitting guide<\/h4>\n<p>Download pdf<\/p>\n<\/div>\n<\/div>\n<p>[\/et_pb_text][\/et_pb_column_inner][et_pb_column_inner type=&#8220;1_2&#8243; saved_specialty_column_type=&#8220;1_2&#8243; _builder_version=&#8220;4.16&#8243; custom_padding=&#8220;|||&#8220; global_colors_info=&#8220;{}&#8220; custom_padding__hover=&#8220;|||&#8220;][et_pb_text module_class=&#8220;guide-button&#8220; _builder_version=&#8220;4.27.4&#8243; text_font=&#8220;Roboto||||||||&#8220; link_font=&#8220;||||||||&#8220; link_text_color=&#8220;#666666&#8243; header_4_font=&#8220;Montserrat|700|||||||&#8220; header_4_font_size=&#8220;16px&#8220; header_4_line_height=&#8220;0.9em&#8220; background_color=&#8220;#ffffff&#8220; custom_padding=&#8220;10px|20px|10px|20px|true|true&#8220; animation_style=&#8220;zoom&#8220; animation_delay=&#8220;150ms&#8220; animation_intensity_zoom=&#8220;20%&#8220; hover_enabled=&#8220;0&#8243; border_radii=&#8220;on|6px|6px|6px|6px&#8220; box_shadow_style=&#8220;preset1&#8243; box_shadow_vertical=&#8220;0px&#8220; box_shadow_blur=&#8220;40px&#8220; box_shadow_color=&#8220;rgba(0,0,0,0.1)&#8220; locked=&#8220;off&#8220; global_colors_info=&#8220;{}&#8220; disabled_on=&#8220;on|on|on&#8220; disabled=&#8220;on&#8220; sticky_enabled=&#8220;0&#8243;]<\/p>\n<div style=\"display: flex;\">\n<div style=\"margin-right: 10px;\"><img loading=\"lazy\" decoding=\"async\" src=\"\/wp-content\/uploads\/icon-fitting-guide.svg\" width=\"48\" height=\"48\" alt=\"\" class=\"wp-image-1118673 alignnone size-full\" \/><\/div>\n<div>\n<h4>Aplika\u010dn\u00ed n\u00e1vod<\/h4>\n<p><a href=\"\/?p=711&amp;wpdmdl=711&amp;masterkey=e4Ub2S0DWwfCDcrT-SGXUWKfWTjY07flvstgstC-Oft41zOt3Psjgd5h8thuuNBt3sCBbki7Sh-TLj2GQjZGpHwP3v8nQSDwyzXoFYuFzeUmpro#\">St\u00e1hnout PDF<\/a><\/p>\n<\/div>\n<\/div>\n<p>[\/et_pb_text][\/et_pb_column_inner][\/et_pb_row_inner][\/et_pb_column][\/et_pb_section][et_pb_section fb_built=&#8220;1&#8243; admin_label=&#8220;Products&#8220; _builder_version=&#8220;4.25.1&#8243; background_color=&#8220;RGBA(255,255,255,0)&#8220; custom_padding=&#8220;4.6px|0px|53.625px|0|false|false&#8220; global_colors_info=&#8220;{}&#8220;][et_pb_row _builder_version=&#8220;4.16&#8243; locked=&#8220;off&#8220; global_colors_info=&#8220;{}&#8220;][et_pb_column type=&#8220;4_4&#8243; _builder_version=&#8220;4.16&#8243; custom_padding=&#8220;|||&#8220; global_colors_info=&#8220;{}&#8220; custom_padding__hover=&#8220;|||&#8220;][et_pb_text _builder_version=&#8220;4.27.2&#8243; text_font=&#8220;Montserrat||||||||&#8220; text_font_size=&#8220;16px&#8220; text_line_height=&#8220;1.8em&#8220; link_font=&#8220;Montserrat|700|||||||&#8220; link_text_color=&#8220;#fa546d&#8220; link_font_size=&#8220;22px&#8220; link_line_height=&#8220;1.5em&#8220; header_font=&#8220;||||||||&#8220; header_2_font=&#8220;&#8211;et_global_heading_font|700|||||||&#8220; header_2_font_size=&#8220;40px&#8220; header_2_line_height=&#8220;1.4em&#8220; header_6_font=&#8220;&#8211;et_global_heading_font|||on|||||&#8220; header_6_text_color=&#8220;#404040&#8243; header_6_font_size=&#8220;16px&#8220; header_6_letter_spacing=&#8220;2px&#8220; header_6_line_height=&#8220;1.5em&#8220; text_orientation=&#8220;center&#8220; max_width=&#8220;700px&#8220; max_width_last_edited=&#8220;off|desktop&#8220; module_alignment=&#8220;center&#8220; custom_margin=&#8220;|||&#8220; custom_padding=&#8220;|||&#8220; header_2_font_size_tablet=&#8220;&#8220; header_2_font_size_phone=&#8220;24px&#8220; header_2_font_size_last_edited=&#8220;on|phone&#8220; locked=&#8220;off&#8220; global_colors_info=&#8220;{}&#8220;]<\/p>\n<h6><span class=\"ILfuVd\" lang=\"en\"><span class=\"hgKElc\" style=\"color: #404040!important;\">O produktu<\/span><\/span><\/h6>\n<h2>Informace<\/h2>\n<p>[\/et_pb_text][\/et_pb_column][\/et_pb_row][et_pb_row column_structure=&#8220;1_2,1_2&#8243; use_custom_gutter=&#8220;on&#8220; gutter_width=&#8220;2&#8243; make_equal=&#8220;on&#8220; _builder_version=&#8220;4.25.1&#8243; _module_preset=&#8220;default&#8220; custom_padding=&#8220;3px|||||&#8220; global_colors_info=&#8220;{}&#8220;][et_pb_column type=&#8220;1_2&#8243; _builder_version=&#8220;4.21.0&#8243; _module_preset=&#8220;default&#8220; global_colors_info=&#8220;{}&#8220;][et_pb_text _builder_version=&#8220;4.27.0&#8243; _module_preset=&#8220;default&#8220; text_font=&#8220;Roboto|300|||||||&#8220; text_font_size=&#8220;16px&#8220; text_line_height=&#8220;27px&#8220; background_color=&#8220;#FFFFFF&#8220; height=&#8220;100%&#8220; custom_padding=&#8220;20px|30px|20px|30px|false|false&#8220; border_radii=&#8220;on|20px|20px|20px|20px&#8220; box_shadow_style=&#8220;preset1&#8243; box_shadow_color=&#8220;rgba(0,0,0,0.1)&#8220; global_colors_info=&#8220;{}&#8220;]<\/p>\n<h3><span style=\"text-align: justify;\">O str\u00e1nk\u00e1ch<\/span><\/h3>\n<p><span style=\"text-align: justify;\">Spole\u010dnost SwissLens se ji\u017e v\u00edce ne\u017e deset let specializuje na individu\u00e1ln\u00ed kontaktn\u00ed \u010do\u010dky pro l\u00e9\u010dbu kr\u00e1tkozrakosti, s hrdost\u00ed p\u0159edstavuje p\u0159evratnou novinku v podob\u011b \u010do\u010dek NightFlex Relax. N\u00e1\u0161 nov\u00fd design zadn\u00ed plochy nov\u011b definuje proces korekce kr\u00e1tkozrakosti a nab\u00edz\u00ed v\u011bt\u0161\u00ed kontrolu a p\u0159esnost.<\/span><\/p>\n<div class=\"flex-1 overflow-hidden\">\n<div class=\"react-scroll-to-bottom--css-lejzs-79elbk h-full dark:bg-gray-800\">\n<div class=\"react-scroll-to-bottom--css-lejzs-1n7m0yu\">\n<div class=\"flex flex-col text-sm dark:bg-gray-800\">\n<div class=\"group w-full text-token-text-primary border-b border-black\/10 dark:border-gray-900\/50 bg-gray-50 dark:bg-[#444654]\" data-testid=\"conversation-turn-153\">\n<div class=\"p-4 justify-center text-base md:gap-6 md:py-6 m-auto\">\n<div class=\"flex flex-1 gap-4 text-base mx-auto md:gap-6 md:max-w-2xl lg:max-w-[38rem] xl:max-w-3xl }\">\n<div class=\"relative flex w-[calc(100%-50px)] flex-col gap-1 md:gap-3 lg:w-[calc(100%-115px)]\">\n<div class=\"flex flex-grow flex-col gap-3 max-w-full\">\n<div class=\"min-h-[20px] flex flex-col items-start gap-3 overflow-x-auto whitespace-pre-wrap break-words\">\n<div class=\"markdown prose w-full break-words dark:prose-invert light\">\n<p style=\"text-align: justify;\">U t\u00e9to inovativn\u00ed konstrukce se reverzn\u00ed z\u00f3na spou\u0161t\u00ed d\u0159\u00edve ne\u017e u konven\u010dn\u00edch konstrukc\u00ed, ale s vy\u0161\u0161\u00edm kompresn\u00edm faktorem v reverzn\u00ed z\u00f3n\u011b. Tento jedine\u010dn\u00fd kompresn\u00ed faktor n\u00e1m umo\u017e\u0148uje \u00fa\u010dinn\u011bji korigovat kr\u00e1tkozrakost a podle pot\u0159eby zvy\u0161ovat indukovan\u00fd Adice.<\/p>\n<p style=\"text-align: justify;\">Stejn\u011b jako u na\u0161ich zn\u00e1m\u00fdch m\u011bkk\u00fdch nebo pevn\u00fdch kontaktn\u00edch \u010do\u010dek Relax, i u \u010do\u010dek NightFlex Relax si m\u016f\u017eete sami p\u0159izp\u016fsobit velikost z\u00f3ny a mno\u017estv\u00ed p\u0159\u00eddavk\u016f. Toto p\u0159izp\u016fsoben\u00ed zaji\u0161\u0165uje p\u0159esnou korekci hyperopick\u00e9ho rozost\u0159en\u00ed podle va\u0161ich specifick\u00fdch pot\u0159eb a individu\u00e1ln\u00edch m\u011b\u0159en\u00ed.<\/p>\n<p style=\"text-align: justify;\"><span><span class=\"ui-provider a b c d e f g h i j k l m n o p q r s t u v w x y z ab ac ae af ag ah ai aj ak\" dir=\"ltr\">S NightFlex Relax nejen korigujete kr\u00e1tkozrakost, ale tak\u00e9 dlouhodob\u011b ovliv\u0148ujete zrak a zdrav\u00ed o\u010d\u00ed sv\u00fdch nejmlad\u0161\u00edch pacient\u016f.<\/span><\/span><\/p>\n<\/div>\n<\/div>\n<\/div>\n<\/div>\n<\/div>\n<\/div>\n<\/div>\n<\/div>\n<\/div>\n<\/div>\n<\/div>\n<p>[\/et_pb_text][\/et_pb_column][et_pb_column type=&#8220;1_2&#8243; _builder_version=&#8220;4.21.0&#8243; _module_preset=&#8220;default&#8220; global_colors_info=&#8220;{}&#8220;][et_pb_text module_class=&#8220;transparent&#8220; _builder_version=&#8220;4.27.2&#8243; _module_preset=&#8220;default&#8220; text_font=&#8220;Roboto|500|||||||&#8220; background_color=&#8220;#FFFFFF&#8220; custom_padding=&#8220;20px|40px|20px|20px|false|false&#8220; custom_css_free_form=&#8220;@media(max-width:769px){||  .entry-content tr td {||max-width: 100%;||width: 10px !important;||}||}&#8220; border_radii=&#8220;on|20px|20px|20px|20px&#8220; box_shadow_style=&#8220;preset1&#8243; box_shadow_color=&#8220;rgba(0,0,0,0.1)&#8220; global_colors_info=&#8220;{}&#8220;]<\/p>\n<h3>Parametry<\/h3>\n<div class=\"table-block\">\n<table border=\"1\" style=\"height: 216px; width: 100%; border-collapse: collapse; border-style: hidden;\">\n<tbody>\n<tr style=\"height: 24px;\">\n<td style=\"width: 50%; text-align: left; height: 24px;\">Celkov\u00fd pr\u016fm\u011br (mm)<\/td>\n<td style=\"width: 50%; height: 24px; text-align: left;\">10,00 a\u017e 12,00 (0,01)<\/td>\n<\/tr>\n<tr style=\"height: 24px;\">\n<td style=\"width: 50%; height: 24px;\">Zak\u0159iven\u00ed (mm)<\/td>\n<td style=\"width: 50%; height: 24px; text-align: left;\">6,00 a\u017e 10,50 (0,01)<\/td>\n<\/tr>\n<tr>\n<td style=\"width: 50%;\">Vyrovn\u00e1vac\u00ed k\u0159ivka (mm)<\/td>\n<td style=\"width: 50%; text-align: left;\">7,00 a\u017e 8,40 (0,01)<\/td>\n<\/tr>\n<tr>\n<td style=\"width: 50%;\">Excentricita<\/td>\n<td style=\"width: 50%; text-align: left;\">0,10 a\u017e 0,90 (0,01)<\/td>\n<\/tr>\n<tr style=\"height: 24px;\">\n<td style=\"width: 50%; height: 24px;\">Sf\u00e9ra (D)<\/td>\n<td style=\"width: 50%; height: 24px; text-align: left;\">-1,00 a\u017e +3,00 (0,01)<\/td>\n<\/tr>\n<tr style=\"height: 24px;\">\n<td style=\"width: 50%; height: 24px;\">C\u00edlov\u00e1 sf\u00e9ra (D)<\/td>\n<td style=\"width: 50%; height: 24px; text-align: left;\">-5,00 a\u017e -0,25 (0,01)<\/td>\n<\/tr>\n<tr>\n<td style=\"width: 50%;\">Astigmatismus<\/td>\n<td style=\"width: 50%; text-align: left;\">-0,50 a\u017e -2,50<\/td>\n<\/tr>\n<tr>\n<td style=\"width: 50%;\">Frekvence v\u00fdm\u011bny<\/td>\n<td style=\"width: 50%; text-align: left;\"> 12 m\u011bs\u00edc\u016f<\/td>\n<\/tr>\n<\/tbody>\n<\/table>\n<\/div>\n<p>[\/et_pb_text][et_pb_text _builder_version=&#8220;4.27.2&#8243; _dynamic_attributes=&#8220;link_option_url&#8220; _module_preset=&#8220;default&#8220; text_font=&#8220;|300|||||||&#8220; text_font_size=&#8220;16px&#8220; text_line_height=&#8220;27px&#8220; background_color=&#8220;#FFFFFF&#8220; position_origin_a=&#8220;bottom_center&#8220; position_origin_r=&#8220;bottom_right&#8220; width=&#8220;100%&#8220; custom_margin=&#8220;30px||||false|false&#8220; custom_margin_tablet=&#8220;30px||||false|false&#8220; custom_margin_phone=&#8220;80px||||false|false&#8220; custom_margin_last_edited=&#8220;on|phone&#8220; custom_padding=&#8220;20px|28px|20px|28px|false|true&#8220; custom_padding_tablet=&#8220;20px|28px|20px|28px|false|true&#8220; custom_padding_phone=&#8220;20px||||false|true&#8220; custom_padding_last_edited=&#8220;on|phone&#8220; link_option_url=&#8220;@ET-DC@eyJkeW5hbWljIjp0cnVlLCJjb250ZW50IjoicG9zdF9saW5rX3VybF9wYWdlIiwic2V0dGluZ3MiOnsicG9zdF9pZCI6IjcwIn19@&#8220; border_radii=&#8220;on|20px|20px|20px|20px&#8220; box_shadow_style=&#8220;preset1&#8243; box_shadow_color=&#8220;rgba(0,0,0,0.1)&#8220; global_colors_info=&#8220;{}&#8220;]<\/p>\n<h3>Materi\u00e1ly<\/h3>\n<p style=\"text-align: justify;\">Ortokeratologick\u00e9 \u010do\u010dky NightFlex Relax jsou p\u0159edev\u0161\u00edm o individu\u00e1ln\u00edm pohodl\u00ed a v\u00fdjime\u010dn\u00e9 korekci zraku. Nyn\u00ed si m\u016f\u017eete svobodn\u011b vybrat materi\u00e1l, kter\u00fd nejl\u00e9pe vyhovuje va\u0161im jedine\u010dn\u00fdm pot\u0159eb\u00e1m. Vyberte si Boston XO pro osv\u011bd\u010den\u00e9 pohodl\u00ed a odolnost nebo Optimum Infinite pro z\u00e1\u017eitek p\u0159izp\u016fsoben\u00fd nejvy\u0161\u0161\u00edm standard\u016fm modern\u00ed technologie \u010do\u010dek.<\/p>\n<h6 style=\"text-align: justify;\"><span><\/span><\/h6>\n<h6 style=\"text-align: justify;\"><span><\/span>Zobrazit v\u00edce  <img decoding=\"async\" style=\"position: relative; top: 3px;\" src=\"http:\/\/www.swisslens.ch\/wp-content\/uploads\/teenyicons_arrow-up-solid.svg\"><\/h6>\n<p>[\/et_pb_text][\/et_pb_column][\/et_pb_row][\/et_pb_section]<\/p>\n","protected":false},"excerpt":{"rendered":"<p>NightFlex Relax Na\u0161e \u010do\u010dky NightFlex Relax jsou speci\u00e1ln\u011b navr\u017eeny tak, aby podporovaly l\u00e9\u010dbu kr\u00e1tkozrakosti, zejm\u00e9na u osob s n\u00edzkou kr\u00e1tkozrakost\u00ed. P\u0159izp\u016fsobte pr\u016fm\u011br optick\u00e9 z\u00f3ny ka\u017ed\u00e9mu jednotlivci tak, aby byla zp\u011btn\u00e1 [&hellip;]<\/p>\n","protected":false},"author":1,"featured_media":0,"parent":0,"menu_order":955,"comment_status":"closed","ping_status":"closed","template":"","meta":{"_et_pb_use_builder":"on","_et_pb_old_content":"","_et_gb_content_width":"","_price":"","_stock":"","_tribe_ticket_header":"","_tribe_default_ticket_provider":"","_tribe_ticket_capacity":"0","_ticket_start_date":"","_ticket_end_date":"","_tribe_ticket_show_description":"","_tribe_ticket_show_not_going":false,"_tribe_ticket_use_global_stock":"","_tribe_ticket_global_stock_level":"","_global_stock_mode":"","_global_stock_cap":"","_tribe_rsvp_for_event":"","_tribe_ticket_going_count":"","_tribe_ticket_not_going_count":"","_tribe_tickets_list":"[]","_tribe_ticket_has_attendee_info_fields":false,"footnotes":""},"class_list":["post-1114675","page","type-page","status-publish","hentry"],"_links":{"self":[{"href":"https:\/\/www.swisslens.ch\/cz\/wp-json\/wp\/v2\/pages\/1114675","targetHints":{"allow":["GET"]}}],"collection":[{"href":"https:\/\/www.swisslens.ch\/cz\/wp-json\/wp\/v2\/pages"}],"about":[{"href":"https:\/\/www.swisslens.ch\/cz\/wp-json\/wp\/v2\/types\/page"}],"author":[{"embeddable":true,"href":"https:\/\/www.swisslens.ch\/cz\/wp-json\/wp\/v2\/users\/1"}],"replies":[{"embeddable":true,"href":"https:\/\/www.swisslens.ch\/cz\/wp-json\/wp\/v2\/comments?post=1114675"}],"version-history":[{"count":6,"href":"https:\/\/www.swisslens.ch\/cz\/wp-json\/wp\/v2\/pages\/1114675\/revisions"}],"predecessor-version":[{"id":1166475,"href":"https:\/\/www.swisslens.ch\/cz\/wp-json\/wp\/v2\/pages\/1114675\/revisions\/1166475"}],"wp:attachment":[{"href":"https:\/\/www.swisslens.ch\/cz\/wp-json\/wp\/v2\/media?parent=1114675"}],"curies":[{"name":"wp","href":"https:\/\/api.w.org\/{rel}","templated":true}]}}